{"id":2396,"date":"2021-01-26T13:05:50","date_gmt":"2021-01-26T13:05:50","guid":{"rendered":"https:\/\/rg-collection.flywheelstaging.com\/ueber-uns\/"},"modified":"2024-05-20T04:24:57","modified_gmt":"2024-05-20T04:24:57","slug":"ueber-uns","status":"publish","type":"page","link":"https:\/\/rg-collection.com\/de\/ueber-uns\/","title":{"rendered":"\u00dcber uns"},"content":{"rendered":"<p>[vc_row full_width=&#8220;stretch_row&#8220; content_placement=&#8220;middle&#8220; bg_type=&#8220;bg_color&#8220; css=&#8220;.vc_custom_1611152236042{padding-top: 100px !important;padding-bottom: 100px !important;}&#8220; bg_color_value=&#8220;#8b877c&#8220;][vc_column offset=&#8220;vc_hidden-lg vc_hidden-md vc_hidden-sm&#8220; css=&#8220;.vc_custom_1611547615060{padding-bottom: 50px !important;}&#8220;][vc_single_image image=&#8220;2374&#8243; img_size=&#8220;full&#8220; style=&#8220;vc_box_circle_2&#8243;][\/vc_column][vc_column width=&#8220;1\/2&#8243;]<div id=\"ultimate-heading-821669ee4c2f93996\" class=\"uvc-heading ult-adjust-bottom-margin ultimate-heading-821669ee4c2f93996 uvc-8845  uvc-heading-default-font-sizes\" data-hspacer=\"no_spacer\"  data-halign=\"left\" style=\"text-align:left\"><div class=\"uvc-heading-spacer no_spacer\" style=\"top\"><\/div><div class=\"uvc-main-heading ult-responsive\"  data-ultimate-target='.uvc-heading.ultimate-heading-821669ee4c2f93996 h2'  data-responsive-json-new='{\"font-size\":\"\",\"line-height\":\"\"}' ><h2 style=\"--font-weight:theme;color:#ffffff;margin-bottom:35px;\">Unsere Geschichte<\/h2><\/div><div class=\"uvc-sub-heading ult-responsive\"  data-ultimate-target='.uvc-heading.ultimate-heading-821669ee4c2f93996 .uvc-sub-heading '  data-responsive-json-new='{\"font-size\":\"\",\"line-height\":\"\"}'  style=\"font-weight:normal;color:#ffffff;margin-bottom:30px;\"><span data-sheets-value=\"{&quot;1&quot;:2,&quot;2&quot;:&quot;Sabine und Isabel lernten sich 2003, als sie f\u00fcr Starwood Hotels &amp; Resorts t\u00e4tig waren, kennen. In den letzten 20 Jahren verfolgten beide unabh\u00e4ngig voneinander ihre Karrieren im Bereich Vertrieb, Marketing und Kommunikation in der Luxushotellerie. \\nGleichzeitig hatten Sabine und Isabel aber immer die gemeinsame Vision einer eigenen Repr\u00e4sentanz- und Kommunikationsagentur. \\nIm Jahr 2020 gr\u00fcndeten sie die RENNER &amp; GROSSE Collection. \\nMit B\u00fcros in M\u00fcnchen und Dubai betreut die Renner &amp; Grosse Collection zwei absolute Schl\u00fcsselm\u00e4rkte. Die Agentur bietet starke Beratungskompetenz und pers\u00f6nlichen Service mit einem Fokus auf verantwortungsvolles Reisen.&quot;}\" data-sheets-userformat=\"{&quot;2&quot;:15235,&quot;3&quot;:{&quot;1&quot;:0},&quot;4&quot;:{&quot;1&quot;:2,&quot;2&quot;:9684093},&quot;10&quot;:0,&quot;11&quot;:4,&quot;12&quot;:0,&quot;14&quot;:{&quot;1&quot;:2,&quot;2&quot;:2105118},&quot;15&quot;:&quot;Calibri, sans-serif&quot;,&quot;16&quot;:12}\">Sabine und Isabel lernten sich 2003, als sie f\u00fcr Starwood Hotels &amp; Resorts t\u00e4tig waren, kennen. <\/span><\/p>\n<p><span data-sheets-value=\"{&quot;1&quot;:2,&quot;2&quot;:&quot;Sabine und Isabel lernten sich 2003, als sie f\u00fcr Starwood Hotels &amp; Resorts t\u00e4tig waren, kennen. In den letzten 20 Jahren verfolgten beide unabh\u00e4ngig voneinander ihre Karrieren im Bereich Vertrieb, Marketing und Kommunikation in der Luxushotellerie. \\nGleichzeitig hatten Sabine und Isabel aber immer die gemeinsame Vision einer eigenen Repr\u00e4sentanz- und Kommunikationsagentur. \\nIm Jahr 2020 gr\u00fcndeten sie die RENNER &amp; GROSSE Collection. \\nMit B\u00fcros in M\u00fcnchen und Dubai betreut die Renner &amp; Grosse Collection zwei absolute Schl\u00fcsselm\u00e4rkte. Die Agentur bietet starke Beratungskompetenz und pers\u00f6nlichen Service mit einem Fokus auf verantwortungsvolles Reisen.&quot;}\" data-sheets-userformat=\"{&quot;2&quot;:15235,&quot;3&quot;:{&quot;1&quot;:0},&quot;4&quot;:{&quot;1&quot;:2,&quot;2&quot;:9684093},&quot;10&quot;:0,&quot;11&quot;:4,&quot;12&quot;:0,&quot;14&quot;:{&quot;1&quot;:2,&quot;2&quot;:2105118},&quot;15&quot;:&quot;Calibri, sans-serif&quot;,&quot;16&quot;:12}\">In den letzten 20 Jahren verfolgten beide unabh\u00e4ngig voneinander ihre Karrieren im Bereich Vertrieb, Marketing und Kommunikation in der Luxushotellerie.<br \/>\nGleichzeitig hatten Sabine und Isabel aber immer die gemeinsame Vision einer eigenen Repr\u00e4sentanz- und Kommunikationsagentur. <\/span><\/p>\n<p><span data-sheets-value=\"{&quot;1&quot;:2,&quot;2&quot;:&quot;Sabine und Isabel lernten sich 2003, als sie f\u00fcr Starwood Hotels &amp; Resorts t\u00e4tig waren, kennen. In den letzten 20 Jahren verfolgten beide unabh\u00e4ngig voneinander ihre Karrieren im Bereich Vertrieb, Marketing und Kommunikation in der Luxushotellerie. \\nGleichzeitig hatten Sabine und Isabel aber immer die gemeinsame Vision einer eigenen Repr\u00e4sentanz- und Kommunikationsagentur. \\nIm Jahr 2020 gr\u00fcndeten sie die RENNER &amp; GROSSE Collection. \\nMit B\u00fcros in M\u00fcnchen und Dubai betreut die Renner &amp; Grosse Collection zwei absolute Schl\u00fcsselm\u00e4rkte. Die Agentur bietet starke Beratungskompetenz und pers\u00f6nlichen Service mit einem Fokus auf verantwortungsvolles Reisen.&quot;}\" data-sheets-userformat=\"{&quot;2&quot;:15235,&quot;3&quot;:{&quot;1&quot;:0},&quot;4&quot;:{&quot;1&quot;:2,&quot;2&quot;:9684093},&quot;10&quot;:0,&quot;11&quot;:4,&quot;12&quot;:0,&quot;14&quot;:{&quot;1&quot;:2,&quot;2&quot;:2105118},&quot;15&quot;:&quot;Calibri, sans-serif&quot;,&quot;16&quot;:12}\">Im Jahr 2020 gr\u00fcndeten sie die RENNER &amp; GROSSE Collection.<br \/>\nMit B\u00fcros in M\u00fcnchen und Dubai betreut die Renner &amp; Grosse Collection zwei absolute Schl\u00fcsselm\u00e4rkte. Die Agentur bietet starke Beratungskompetenz und pers\u00f6nlichen Service mit einem Fokus auf verantwortungsvolles Reisen.<\/span><\/div><\/div>[\/vc_column][vc_column width=&#8220;1\/3&#8243; css=&#8220;.vc_custom_1611547572761{background-position: center !important;background-repeat: no-repeat !important;background-size: cover !important;}&#8220; offset=&#8220;vc_col-lg-offset-1 vc_hidden-xs&#8220;][vc_single_image image=&#8220;2374&#8243; img_size=&#8220;full&#8220; style=&#8220;vc_box_circle_2&#8243;][\/vc_column][\/vc_row][vc_row css=&#8220;.vc_custom_1609930494917{padding-top: 100px !important;padding-bottom: 100px !important;}&#8220;][vc_column width=&#8220;1\/3&#8243; css=&#8220;.vc_custom_1611547826539{padding-bottom: 50px !important;}&#8220; offset=&#8220;vc_col-lg-offset-1&#8243;][vc_single_image image=&#8220;2331&#8243; img_size=&#8220;full&#8220; style=&#8220;vc_box_circle_2&#8243;][\/vc_column][vc_column width=&#8220;1\/2&#8243; offset=&#8220;vc_col-lg-offset-1&#8243;]<div id=\"ultimate-heading-872969ee4c2f93a3b\" class=\"uvc-heading ult-adjust-bottom-margin ultimate-heading-872969ee4c2f93a3b uvc-6986  uvc-heading-default-font-sizes\" data-hspacer=\"no_spacer\"  data-halign=\"left\" style=\"text-align:left\"><div class=\"uvc-heading-spacer no_spacer\" style=\"top\"><\/div><div class=\"uvc-main-heading ult-responsive\"  data-ultimate-target='.uvc-heading.ultimate-heading-872969ee4c2f93a3b h2'  data-responsive-json-new='{\"font-size\":\"\",\"line-height\":\"\"}' ><h2 style=\"--font-weight:theme;\">Sabine Renner<\/h2><\/div><div class=\"uvc-sub-heading ult-responsive\"  data-ultimate-target='.uvc-heading.ultimate-heading-872969ee4c2f93a3b .uvc-sub-heading '  data-responsive-json-new='{\"font-size\":\"\",\"line-height\":\"\"}'  style=\"font-weight:normal;\"><\/p>\n<h5>Managing Director &amp; Co-Founder<\/h5>\n<p><\/div><\/div>[vc_column_text css=&#8220;.vc_custom_1609929706775{margin-bottom: 30px !important;}&#8220;]<\/p>\n<p style=\"text-align: left;\">Sabine hat als Sales &amp; Marketing-Expertin, mit zwei Jahrzehnten Erfahrung, in einigen der renommiertesten Luxushotels der Branche gearbeitet. Nach ihrem abgeschlossenen Tourismus Studium in Klessheim\/Salzburg absolvierte sie in den USA ein Management Training im Relais &amp; Chateau Hotel Auberge du Soleil. Sie leitete Verkaufsteams im Westin la Quinta in Spanien, dem Martinez in Cannes, dem Ritz Carlton Dubai sowie dem Park Hyatt Dubai, wo sie zum Hotel Manager bef\u00f6rdert wurde.<\/p>\n<p style=\"text-align: left;\">Sabine ist in Brasilien geboren, hat in sieben L\u00e4ndern gelebt und spricht 5 Sprachen.<\/p>\n<p style=\"text-align: left;\">Sie lebt derzeit in Dubai und in M\u00fcnchen.<\/p>\n<p>[\/vc_column_text][\/vc_column][\/vc_row][vc_row full_width=&#8220;stretch_row&#8220; bg_type=&#8220;bg_color&#8220; css=&#8220;.vc_custom_1609930512476{padding-top: 100px !important;padding-bottom: 100px !important;}&#8220; bg_color_value=&#8220;#ffffff&#8220;][vc_column css=&#8220;.vc_custom_1611547754221{padding-bottom: 50px !important;}&#8220; offset=&#8220;vc_hidden-lg vc_hidden-md vc_hidden-sm&#8220;][vc_single_image image=&#8220;2354&#8243; img_size=&#8220;full&#8220; style=&#8220;vc_box_circle_2&#8243;][\/vc_column][vc_column width=&#8220;1\/2&#8243; css=&#8220;.vc_custom_1611547709461{padding-top: 20px !important;padding-bottom: 20px !important;}&#8220;]<div id=\"ultimate-heading-849369ee4c2f93a8a\" class=\"uvc-heading ult-adjust-bottom-margin ultimate-heading-849369ee4c2f93a8a uvc-4259  uvc-heading-default-font-sizes\" data-hspacer=\"no_spacer\"  data-halign=\"left\" style=\"text-align:left\"><div class=\"uvc-heading-spacer no_spacer\" style=\"top\"><\/div><div class=\"uvc-main-heading ult-responsive\"  data-ultimate-target='.uvc-heading.ultimate-heading-849369ee4c2f93a8a h2'  data-responsive-json-new='{\"font-size\":\"\",\"line-height\":\"\"}' ><h2 style=\"--font-weight:theme;\">Isabel Grosse<\/h2><\/div><div class=\"uvc-sub-heading ult-responsive\"  data-ultimate-target='.uvc-heading.ultimate-heading-849369ee4c2f93a8a .uvc-sub-heading '  data-responsive-json-new='{\"font-size\":\"\",\"line-height\":\"\"}'  style=\"font-weight:normal;\"><\/p>\n<h5>Managing Director &amp; Co-Founder<\/h5>\n<p><\/div><\/div>[vc_column_text css=&#8220;.vc_custom_1609930049507{margin-bottom: 30px !important;}&#8220;]<\/p>\n<p style=\"text-align: left;\">Isabel ist eine fundierte Hotelexpertin und kennt die Branche, in welcher sie seit \u00fcber 20 Jahren t\u00e4tig ist. Sie hat in leitenden Positionen im Bereich Sales &amp; Marketing sowohl f\u00fcr die Privat- als auch f\u00fcr die Konzernhotellerie erfolgreich gearbeitet. Stationen ihrer T\u00e4tigkeit waren unter anderem das Schloss Elmau, das Hotel Bayerischer Hof in M\u00fcnchen, Starwood Hotels &amp; Resorts und die InterContinental Hotel Group. Zuletzt bekleidete sie die Position des Director of Leisure Sales Central Europe f\u00fcr Preferred Hotels &amp; Resorts.<\/p>\n<p style=\"text-align: left;\">Sie absolvierte ihre Lehre als Hotelkauffrau im Hotel Bayerischer Hof in M\u00fcnchen, studierte Tourismus an der FH M\u00fcnchen und sammelte Hotelerfahrung \u201eon property\u201c in den USA, \u00c4gypten und \u00d6sterreich.<\/p>\n<p>Isabel lebt mit ihrer Familie in M\u00fcnchen.[\/vc_column_text][\/vc_column][vc_column width=&#8220;1\/3&#8243; offset=&#8220;vc_col-lg-offset-1 vc_hidden-xs&#8220;][vc_single_image image=&#8220;2354&#8243; img_size=&#8220;full&#8220; style=&#8220;vc_box_circle_2&#8243;][\/vc_column][\/vc_row][vc_row css=&#8220;.vc_custom_1609933057265{padding-top: 100px !important;padding-bottom: 50px !important;}&#8220;][vc_column]<div id=\"ultimate-heading-793269ee4c2f93af7\" class=\"uvc-heading ult-adjust-bottom-margin ultimate-heading-793269ee4c2f93af7 uvc-4753 \" data-hspacer=\"no_spacer\"  data-halign=\"center\" style=\"text-align:center\"><div class=\"uvc-heading-spacer no_spacer\" style=\"top\"><\/div><div class=\"uvc-main-heading ult-responsive\"  data-ultimate-target='.uvc-heading.ultimate-heading-793269ee4c2f93af7 h2'  data-responsive-json-new='{\"font-size\":\"desktop:40px;\",\"line-height\":\"\"}' ><h2 style=\"--font-weight:theme;\">Unser Team<\/h2><\/div><\/div>[\/vc_column][\/vc_row][vc_row css=&#8220;.vc_custom_1648922244453{border-bottom-width: 30px !important;}&#8220;][vc_column width=&#8220;1\/6&#8243;][\/vc_column][vc_column width=&#8220;2\/3&#8243;][vc_single_image image=&#8220;2863&#8243; img_size=&#8220;250&#215;250&#8243; alignment=&#8220;center&#8220; style=&#8220;vc_box_circle_2&#8243; css=&#8220;.vc_custom_1664958948087{padding-right: 100px !important;padding-bottom: 50px !important;padding-left: 100px !important;}&#8220;]<div id=\"ultimate-heading-663569ee4c2f93b67\" class=\"uvc-heading ult-adjust-bottom-margin ultimate-heading-663569ee4c2f93b67 uvc-32  uvc-heading-default-font-sizes\" data-hspacer=\"no_spacer\"  data-halign=\"center\" style=\"text-align:center\"><div class=\"uvc-heading-spacer no_spacer\" style=\"top\"><\/div><div class=\"uvc-main-heading ult-responsive\"  data-ultimate-target='.uvc-heading.ultimate-heading-663569ee4c2f93b67 h2'  data-responsive-json-new='{\"font-size\":\"\",\"line-height\":\"\"}' ><h2 style=\"--font-weight:theme;margin-top:25px;\">Andrea Schneider<\/h2><\/div><div class=\"uvc-sub-heading ult-responsive\"  data-ultimate-target='.uvc-heading.ultimate-heading-663569ee4c2f93b67 .uvc-sub-heading '  data-responsive-json-new='{\"font-size\":\"\",\"line-height\":\"\"}'  style=\"font-weight:normal;\"><\/p>\n<h5>PR Director<\/h5>\n<p><\/div><\/div>[vc_column_text css=&#8220;.vc_custom_1648922390189{margin-bottom: 30px !important;}&#8220;]<\/p>\n<p style=\"text-align: center;\">Andrea ist eine echte PR-Spezialistin. Nach ihrem Studium der Kommunikationswissenschaften in Salzburg, \u00d6sterreich, baute sie den Lifestyle- und Hotelbereich der Agentur STILART auf.<br \/>\nIn den folgenden 6 Jahren verantwortete sie f\u00fcr RUBY Hotels den Aufbau die PR-, Marketing- und Medienaktivit\u00e4ten.<\/p>\n<p style=\"text-align: center; margin-bottom: 60px !important;\">Ihre Expertise entwickelte sie als Senior PR Manager bei einer auf Hotel und Hospitality spezialiserten PR-Agentur fort und arbeitet seitdem als freiberufliche PR &amp; Kommunikationsspezialistin an spannenden Projekten.<\/p>\n<p>[\/vc_column_text][\/vc_column][vc_column width=&#8220;1\/6&#8243;][\/vc_column][\/vc_row]<\/p>\n","protected":false},"excerpt":{"rendered":"<p>[vc_row full_width=&#8220;stretch_row&#8220; content_placement=&#8220;middle&#8220; bg_type=&#8220;bg_color&#8220; css=&#8220;.vc_custom_1611152236042{padding-top: 100px !important;padding-bottom: 100px !important;}&#8220; bg_color_value=&#8220;#8b877c&#8220;][vc_column offset=&#8220;vc_hidden-lg vc_hidden-md vc_hidden-sm&#8220; css=&#8220;.vc_custom_1611547615060{padding-bottom: 50px !important;}&#8220;][vc_single_image image=&#8220;2374&#8243; img_size=&#8220;full&#8220; style=&#8220;vc_box_circle_2&#8243;][\/vc_column][vc_column width=&#8220;1\/2&#8243;][\/vc_column][vc_column width=&#8220;1\/3&#8243; css=&#8220;.vc_custom_1611547572761{background-position: center !important;background-repeat: no-repeat !important;background-size: cover !important;}&#8220; offset=&#8220;vc_col-lg-offset-1 vc_hidden-xs&#8220;][vc_single_image image=&#8220;2374&#8243; img_size=&#8220;full&#8220; style=&#8220;vc_box_circle_2&#8243;][\/vc_column][\/vc_row][vc_row css=&#8220;.vc_custom_1609930494917{padding-top: 100px !important;padding-bottom: 100px !important;}&#8220;][vc_column width=&#8220;1\/3&#8243; css=&#8220;.vc_custom_1611547826539{padding-bottom: 50px !important;}&#8220; offset=&#8220;vc_col-lg-offset-1&#8243;][vc_single_image image=&#8220;2331&#8243; img_size=&#8220;full&#8220; style=&#8220;vc_box_circle_2&#8243;][\/vc_column][vc_column width=&#8220;1\/2&#8243; offset=&#8220;vc_col-lg-offset-1&#8243;][vc_column_text css=&#8220;.vc_custom_1609929706775{margin-bottom: 30px !important;}&#8220;] Sabine hat als Sales&hellip;<\/p>\n","protected":false},"author":2,"featured_media":0,"parent":0,"menu_order":0,"comment_status":"closed","ping_status":"closed","template":"","meta":{"inline_featured_image":false,"footnotes":""},"_links":{"self":[{"href":"https:\/\/rg-collection.com\/de\/wp-json\/wp\/v2\/pages\/2396"}],"collection":[{"href":"https:\/\/rg-collection.com\/de\/wp-json\/wp\/v2\/pages"}],"about":[{"href":"https:\/\/rg-collection.com\/de\/wp-json\/wp\/v2\/types\/page"}],"author":[{"embeddable":true,"href":"https:\/\/rg-collection.com\/de\/wp-json\/wp\/v2\/users\/2"}],"replies":[{"embeddable":true,"href":"https:\/\/rg-collection.com\/de\/wp-json\/wp\/v2\/comments?post=2396"}],"version-history":[{"count":18,"href":"https:\/\/rg-collection.com\/de\/wp-json\/wp\/v2\/pages\/2396\/revisions"}],"predecessor-version":[{"id":3857,"href":"https:\/\/rg-collection.com\/de\/wp-json\/wp\/v2\/pages\/2396\/revisions\/3857"}],"wp:attachment":[{"href":"https:\/\/rg-collection.com\/de\/wp-json\/wp\/v2\/media?parent=2396"}],"curies":[{"name":"wp","href":"https:\/\/api.w.org\/{rel}","templated":true}]}}